{"id":14444,"date":"2024-04-19T19:32:18","date_gmt":"2024-04-19T22:32:18","guid":{"rendered":"https:\/\/www.frateschi.com.br\/site\/?page_id=14444"},"modified":"2025-08-28T08:13:29","modified_gmt":"2025-08-28T11:13:29","slug":"tributo-a-celso-frateschi","status":"publish","type":"page","link":"https:\/\/www.frateschi.com.br\/site\/tributo-a-celso-frateschi\/","title":{"rendered":"Tributo a Celso Frateschi"},"content":{"rendered":"\n<h1>\n\t\t\tFrateschi > \t<\/h1>\n<h1>\n\t\t\tTributo a Celso Frateschi\t<\/h1>\n\t\t\t\t<img decoding=\"async\" src=\"https:\/\/www.frateschi.com.br\/site\/wp-content\/uploads\/2024\/04\/038-scaled.jpg\" alt=\"038\" itemprop=\"image\" height=\"1707\" width=\"2560\" title=\"038\" onerror=\"this.style.display='none'\" loading=\"lazy\" \/>\n\t<p>Ao fechar os olhos em dire\u00e7\u00e3o \u00e0 eternidade em 25.02.24, aos 81 anos, meu pai encerrou uma jornada de dedica\u00e7\u00e3o integral a Frateschi e ao modelismo ferrovi\u00e1rio. Mais que isso, tudo a que este homem se dedicou era feito com perfei\u00e7\u00e3o nas v\u00e1rias frentes que tomou ao longo de sua vida, seja como aeromodelista nos anos 50-60, ferreomodelista, empres\u00e1rio, antigomobilista e professor da \u00e1rea da mec\u00e2nica. Extremamente dedicado a tudo que fazia e de intelig\u00eancia acima da m\u00e9dia, sua contribui\u00e7\u00e3o e seu alcance permanecem vivos.<\/p>\n<p>Tudo que foi feito e realizado nesta fabrica teve a participa\u00e7\u00e3o dele que junto com meu av\u00f4, edificou do zero a Frateschi. Ele me dizia que &#8220;na Frateschi eu fiz de tudo, desde projetar, tornear rodinhas, estampar pe\u00e7as, injetar vag\u00f5es, enrolar motores, montar vag\u00f5es, testar locomotivas, etc. De uma iniciativa pequena em 1967, quando a Frateschi operava ainda na casa de meu av\u00f4, a empresa cresceu e ampliou seu leque de produtos, indo e avan\u00e7ando conforme seus limites e as fronteiras impostas pela conjuntura brasileira. Recordo, ainda pequeno, as muitas dificuldades que meu pai enfrentou. Uma delas em 1984, quando meu av\u00f4 faleceu, meu pai se viu sozinho e sem conhecimento da \u00e1rea administrativa. Ele que era engenheiro mec\u00e2nico de forma\u00e7\u00e3o se adaptou e seguiu adiante. Nos anos 90 com a chegada de diversos planos econ\u00f4micos (Collor e Real) v\u00e1rias empresas tiveram suas opera\u00e7\u00f5es encerradas. A Frateschi enfrentou in\u00fameras dificuldades e com espirito de resili\u00eancia e persist\u00eancia se manteve de p\u00e9.<\/p>\n<p>Meu pai tinha por filosofia de vida que este &#8220;brinquedo fino&#8221;, que \u00e9 o trem em miniatura, deveria ser acess\u00edvel a todos e para isso se dedicou. Fez produtos que evolu\u00edram em qualidade ao longo do tempo, sem deixar que a gan\u00e2ncia incomodasse ou impusesse um pre\u00e7o, por demais alto, para que um pai de fam\u00edlia pudesse oferecer esta divers\u00e3o a si mesmo ou a seus filhos.<\/p>\n<p>Produtos de impacto como a V8, lan\u00e7ada em 2004, foram um marco no desenvolvimento da Frateschi e representou um enorme desafio e grande avan\u00e7o pela dificuldade de projeto e engenharia. De impon\u00eancia eterna, a V8 em suas pinturas da Cia Paulista de Estrada de Ferro, RFFSA e Fepasa, ainda hoje, \u00e9 um item imprescind\u00edvel em qualquer maquete.<\/p>\n<p>Sempre disposto a ampliar e divulgar o modelismo ferrovi\u00e1rio a n\u00edvel Brasil meu pai fez em 1979, os &#8220;Informativos Frateschi&#8221;, onde ele datilografava todas as edi\u00e7\u00f5es. Rod\u00e1vamos este pequenos livretos e mand\u00e1vamos por correio. Essa publica\u00e7\u00e3o foi substitu\u00edda, anos mais tarde, pela &#8220;Revista Brasileira de Ferreomodelismo&#8221;. Ele e a Frateschi foram os pioneiros na cria\u00e7\u00e3o de conte\u00fado informativo dentro modelismo ferrovi\u00e1rio a amantes do trem. Em 1997 para celebrar os 30 anos da empresa come\u00e7ou com os &#8220;Encontros Frateschi&#8221;, onde pessoas de todo o Brasil se reuniam para ver possibilidades de lan\u00e7amento da empresa, encontrar amigos, trocar ideias e aprendizado e, um tempo de qualidade. Era uma ocasi\u00e3o de divulga\u00e7\u00e3o do ferreomodelismo e da empresa. Iniciativa essa que pioneira na amplitude deu modelo a tantos outros eventos que hoje existem, a n\u00edvel nacional.<\/p>\n<p>Dentro da empresa, tinha um estilo democr\u00e1tico de lidar com problemas setoriais e optava por ouvir a todos os envolvidos, antes de tomar qualquer decis\u00e3o. Acreditava que o tempo iria criar situa\u00e7\u00f5es que privilegiariam o melhor caminho. Importante pontuar que enquanto muitos pais e filhos, ao se verem no mesmo local de trabalho, tolamente buscam medir for\u00e7as e geram uma competi\u00e7\u00e3o desnecess\u00e1ria e, vezes por outras, desastrosas, aqui isso nunca ocorreu. As diverg\u00eancias de trabalho jamais poderiam causar um afastamento a n\u00edvel familiar. Com paci\u00eancia e sabedoria soube, a seu tempo e a seu modo, dar espa\u00e7o a esse que vos escreve, deixando que a empresa tamb\u00e9m pudesse absorver um novo estilo de comando, que n\u00e3o era o dele, pois compreendia a finitude da vida. Ele certa vez disse que &#8220;bateria em um fim de linha qualquer&#8221;.<\/p>\n<p>Como professor da \u00e1rea de mec\u00e2nica, sua outra paix\u00e3o, deixou seu legado de conhecimento e estilo de aula e foi homenageado diversas vezes dentro da Unip em Ribeir\u00e3o Preto, onde lecionou por 20 anos, como &#8220;paraninfo&#8221; e &#8220;nome de turma&#8221; e era considerado por muitos, at\u00e9 seu desligamento em 2021, o melhor professor da \u00e1rea dentro dessa universidade. De fala mansa e jeito pacato tinha um modo de vida apaziguador que fugia de conflitos. Eu costumava dizer que ele era o pr\u00f3prio muro e n\u00e3o tomava lado. Deixava o tempo agir sem acelera-lo. Ainda assim, quando a vida bateu, ele rebateu. Muito querido por onde passou, cumpriu sua miss\u00e3o. Seu exemplo, sua personalidade altru\u00edsta e gentil, seu modo e estilo de vida, que v\u00e3o al\u00e9m da empresa, s\u00e3o motivos de orgulho e de celebra\u00e7\u00e3o. Produto de uma cepa que n\u00e3o existe mais.<\/p>\nescrito por<strong><br \/>\nLucas Frateschi<br \/>\n<\/strong>filho de Celso Frateschi\n\n","protected":false},"excerpt":{"rendered":"<p>Frateschi > Tributo a Celso Frateschi Ao fechar os olhos em dire\u00e7\u00e3o \u00e0 eternidade em 25.02.24, aos 81 anos, meu pai encerrou uma jornada de dedica\u00e7\u00e3o integral a Frateschi e ao modelismo ferrovi\u00e1rio. Mais que isso, tudo a que este homem se dedicou era feito com perfei\u00e7\u00e3o nas v\u00e1rias frentes que tomou ao longo de&hellip;<\/p>\n","protected":false},"author":1,"featured_media":0,"parent":0,"menu_order":0,"comment_status":"closed","ping_status":"closed","template":"","meta":{"_joinchat":[],"footnotes":""},"class_list":["post-14444","page","type-page","status-publish","hentry"],"_links":{"self":[{"href":"https:\/\/www.frateschi.com.br\/site\/wp-json\/wp\/v2\/pages\/14444","targetHints":{"allow":["GET"]}}],"collection":[{"href":"https:\/\/www.frateschi.com.br\/site\/wp-json\/wp\/v2\/pages"}],"about":[{"href":"https:\/\/www.frateschi.com.br\/site\/wp-json\/wp\/v2\/types\/page"}],"author":[{"embeddable":true,"href":"https:\/\/www.frateschi.com.br\/site\/wp-json\/wp\/v2\/users\/1"}],"replies":[{"embeddable":true,"href":"https:\/\/www.frateschi.com.br\/site\/wp-json\/wp\/v2\/comments?post=14444"}],"version-history":[{"count":10,"href":"https:\/\/www.frateschi.com.br\/site\/wp-json\/wp\/v2\/pages\/14444\/revisions"}],"predecessor-version":[{"id":14846,"href":"https:\/\/www.frateschi.com.br\/site\/wp-json\/wp\/v2\/pages\/14444\/revisions\/14846"}],"wp:attachment":[{"href":"https:\/\/www.frateschi.com.br\/site\/wp-json\/wp\/v2\/media?parent=14444"}],"curies":[{"name":"wp","href":"https:\/\/api.w.org\/{rel}","templated":true}]}}