{"id":14054,"date":"2023-09-01T12:49:59","date_gmt":"2023-09-01T15:49:59","guid":{"rendered":"https:\/\/www.frateschi.com.br\/site\/empresa\/"},"modified":"2024-04-24T10:45:46","modified_gmt":"2024-04-24T13:45:46","slug":"empresa","status":"publish","type":"page","link":"https:\/\/www.frateschi.com.br\/site\/empresa\/?lang=es","title":{"rendered":"Empresa"},"content":{"rendered":"\n<h1>\n\t\tFrateschi >\u00a0\n\t<\/h1>\n<h1>\n\t\tEmpresa\n\t<\/h1>\n\t&#8211;\u00a0<strong>Miss\u00e3o<\/strong>\u00a0&#8211; Contribuir, divulgar e preservar a mem\u00f3ria ferrovi\u00e1ria atrav\u00e9s da pr\u00e1tica do ferremodelismo.\n&#8211;\u00a0<strong>Vis\u00e3o<\/strong>\u00a0&#8211; Promover continuamente a satisfa\u00e7\u00e3o de nossos clientes sem dissoci\u00e1-la jamais, do esfor\u00e7o constante de trazer realiza\u00e7\u00e3o profissional e pessoal aos &#8220;Clientes Internos&#8221;.\n&#8211;\u00a0<strong>Objetivos<\/strong>\u00a0&#8211; Ampliar o n\u00famero de produtos bem como, aprimorar os j\u00e1 existentes buscando satisfazer de modo criterioso, QUALIDADE, CUSTO E LUCRATIVIDADE.\n&#8211;\u00a0<strong>Valores<\/strong>\u00a0&#8211; Desenvolver e manter a confiabilidade e a fidelidade na marca &#8220;FRATESCHI&#8221; pautadas em uma pol\u00edtica comercial \u00e9tica e uma atividade industrial competente.\n\t<p><strong>Um pouco de nossa hist\u00f3ria\u00a0<\/strong><\/p>\n<p>Poucos empreendimentos mundiais &#8211; \u00e9 importante que se diga mesmo em escala mundial &#8211; chegam e ou ultrapassam meio-s\u00e9culo de atividades. O que sinaliza resultados e solidez, mas isto somente, embora longe de ser pouco, n\u00e3o \u00e9 salvo conduto para a plenitude do descanso ou da vis\u00e3o de miss\u00e3o cumprida. Muito mais a fazer e a cumprir est\u00e3o presentes, na medida em que o mesmo trabalho tenaz e pertinaz por todo um caminho, apenas nos lembra que seu resultado \u00e9 fruto de continuada realiza\u00e7\u00e3o pelo trabalho. Se chegamos at\u00e9 aqui, comemora-se tamb\u00e9m o caminho percorrido e n\u00e3o somente a viagem em destino.<\/p>\n<p>E por falar em viagem os produtos Frateschi representam bem um objeto que por defini\u00e7\u00e3o tem em sua exist\u00eancia o movimento, a din\u00e2mica, o deslocamento, tanto no tempo quanto no espa\u00e7o. Dedicamo-nos a lidar com um mundo e um universo: o mundo que cerca as ferrovias brasileiras e o universo que as define atrav\u00e9s de seus admiradores, pesquisadores, estudiosos, modelistas e adoradores pura e simplesmente.<\/p>\n<p>Em\u00a0<strong>50 anos<\/strong>\u00a0representamos atrav\u00e9s do processo fabril de miniaturas a realidade ferrovi\u00e1ria vigente. Pudemos nos colocar atemporais na medida em que lidamos com todos os per\u00edodos que os 160 anos de presen\u00e7a das estradas de ferro no Brasil tiveram em sua escala existencial.<\/p>\n<p>Desta escala existencial somos parte tamb\u00e9m de uma hist\u00f3ria que vimos acontecer.<\/p>\n<p>Fomos, de certa forma, compiladores de uma grande obra, de trechos escritos em cap\u00edtulos, os cap\u00edtulos da exist\u00eancia ferrovi\u00e1ria brasileira. Reproduzimos material e culturalmente \u00edcones e s\u00edmbolos de uma hist\u00f3ria que tamb\u00e9m se constru\u00eda, tendo como alicerce o desenvolvimento e um passado nobre.<\/p>\n<p>Nosso p\u00fablico se formou a partir de nosso produto, cuja refer\u00eancia passou a ser a nossa assinatura e identidade.<\/p>\n<p>Nos primeiros 10 anos, firmamos o nosso nome. Nos primeiros 20 anos, firmamos o nosso prop\u00f3sito. Nos primeiros 30 anos, firmamos os nossos objetivos. Nos primeiros 40 anos, firmamos a nossa miss\u00e3o e nos primeiros 50 anos, firmamos a nossa exist\u00eancia.<\/p>\n<p>Nosso\u00a0<strong>nome<\/strong>\u00a0foi constru\u00eddo para que se tornasse uma refer\u00eancia nacional fabril e funcional para o modelismo ferrovi\u00e1rio brasileiro. Nosso\u00a0<strong>prop\u00f3sito<\/strong>\u00a0foi definido para que desta refer\u00eancia pud\u00e9ssemos nos tornar parte de um cen\u00e1rio de qualidade e de realiza\u00e7\u00e3o para o hobby e de refer\u00eancia para a ferrovia. Nosso\u00a0<strong>objetivo<\/strong>\u00a0focou o crescimento sem a perda do equil\u00edbrio, assumindo riscos tanto quanto reconhecendo nossos limites. Nossa\u00a0<strong>miss\u00e3o<\/strong>\u00a0foi definida a partir do momento em que chegamos ao est\u00e1gio de reconhecer os desejos leg\u00edtimos de nossos clientes e n\u00e3o somente vontades a serem satisfeitas. E a nossa\u00a0<strong>exist\u00eancia<\/strong>? Nossa\u00a0<strong>exist\u00eancia<\/strong>\u00a0resume as demais quatro d\u00e9cadas vencidas, constru\u00eddas, conquistadas e realizadas. Resume. N\u00e3o limita. Resume. N\u00e3o encerra. Resume. N\u00e3o finaliza. Pelo contr\u00e1rio &#8211; ela se torna o cen\u00e1rio de nosso horizonte.<\/p>\n<p>Porque se o ditado popular diz que o futuro a Deus pertence, podemos dizer que o presente a n\u00f3s \u00e9 emprestado e o passado, a n\u00f3s, determinado.<\/p>\n<p>Chegamos aos 50 anos agradecendo a Deus primeiramente, o que antes, de sua perten\u00e7a, ( o futuro&#8230;) nos foi determinado ( no presente&#8230;) e hoje, neste momento, recebemos como heran\u00e7a ( de nosso passado realizado&#8230;) a for\u00e7a, a motiva\u00e7\u00e3o e o empenho para que novas conquistas e novas realiza\u00e7\u00f5es traduzam mais uma vez o esfor\u00e7o e o reconhecimento de nosso p\u00fablico, que nos acompanha e nos define. E a este p\u00fablico, com todas as suas manifesta\u00e7\u00f5es, cr\u00edticas, apre\u00e7os, exageros e \u00e0s vezes injusta vis\u00e3o, \u00e9 que dedicamos o caminho que trilhamos &#8211; sem ele n\u00e3o ter\u00edamos o nosso\u00a0<strong>NOME<\/strong>, o nosso\u00a0<strong>PROP\u00d3SITO<\/strong>, o nosso\u00a0<strong>OBJETIVO<\/strong>, a nossa\u00a0<strong>MISS\u00c3O<\/strong>\u00a0E a nossa\u00a0<strong>EXIST\u00caNCIA.<\/strong><\/p>\n<p>Neste caminho nossos acertos n\u00e3o foram os \u00fanicos e nossos erros n\u00e3o foram todos. Mas a alegria foi uma s\u00f3: aquela que define o que somos, o que realizamos, o que conquistamos e o que sabemos que somos. N\u00e3o perdemos o nosso tempo pensando o que nos define. Usamos o nosso tempo construindo o saber daquilo que nos define. E\u00a0<strong>o saber<\/strong>\u00a0daquilo que nos define passa por voc\u00ea,\u00a0<strong>MODELISTA<\/strong>. Lembre-se disto.<\/p>\n<p>E o tempo? Ora, o tempo&#8230; \u00c9 apenas o mais importante de todos os detalhes&#8230; sem ele n\u00e3o chegar\u00edamos. Sem ele n\u00e3o far\u00edamos o que somos. Sem ele n\u00e3o saber\u00edamos o quanto, apenas como&#8230;<\/p>\n<p>Que os anos n\u00e3o passem sem que antes n\u00f3s passemos por eles.<\/p>\n<p>A fam\u00edlia Frateschi, na mem\u00f3ria determinada de seu fundador, Galileu Frateschi, na presen\u00e7a de seu realizador, <a href=\"https:\/\/www.frateschi.com.br\/site\/tributo-a-celso-frateschi\/\" target=\"_blank\" rel=\"noopener\">Celso Frateschi<\/a>, e de seu gestor, Lucas Frateschi; e na determina\u00e7\u00e3o de seus funcion\u00e1rios, colaboradores, fornecedores e comerciantes, revela assim o maior de seus lan\u00e7amentos para os 50 anos: voc\u00ea, modelista. Com a diferen\u00e7a de que jamais foi reduzido em escala por n\u00f3s, mas agigantado al\u00e9m dela, porque sinceramente considerado em tudo e por tudo aquilo que fizemos at\u00e9 aqui. Porque para os pr\u00f3ximos 50 anos continuaremos a nos firmar pelo denominador comum de todos os anteriores: a verdade que nos orienta e o compromisso que nos define.<\/p>\n\t\t\t<a href=\"https:\/\/www.frateschi.com.br\/site\/empresa\/cronologia\/\" target=\"_self\" rel=\"noopener\">\n\t\t\t\t\t\t\tCronologia\n\t\t\t\t\t<\/a>\n\t\t\t<a href=\"https:\/\/www.frateschi.com.br\/site\/empresa\/55-anos-frateschi\/\" target=\"_self\" rel=\"noopener\">\n\t\t\t\t\t\t\tFrateschi 55 Anos\n\t\t\t\t\t<\/a>\n\t\t\t<a href=\"https:\/\/www.frateschi.com.br\/site\/tributo-a-celso-frateschi\/\" target=\"_blank\" rel=\"noopener\">\n\t\t\t\t\t\t\tTributo a Celso Frateschi\n\t\t\t\t\t<\/a>\n\n","protected":false},"excerpt":{"rendered":"<p>Frateschi >\u00a0 Empresa &#8211;\u00a0Miss\u00e3o\u00a0&#8211; Contribuir, divulgar e preservar a mem\u00f3ria ferrovi\u00e1ria atrav\u00e9s da pr\u00e1tica do ferremodelismo. &#8211;\u00a0Vis\u00e3o\u00a0&#8211; Promover continuamente a satisfa\u00e7\u00e3o de nossos clientes sem dissoci\u00e1-la jamais, do esfor\u00e7o constante de trazer realiza\u00e7\u00e3o profissional e pessoal aos &#8220;Clientes Internos&#8221;. &#8211;\u00a0Objetivos\u00a0&#8211; Ampliar o n\u00famero de produtos bem como, aprimorar os j\u00e1 existentes buscando satisfazer de modo&hellip;<\/p>\n","protected":false},"author":1,"featured_media":0,"parent":0,"menu_order":0,"comment_status":"closed","ping_status":"closed","template":"","meta":{"_joinchat":[],"footnotes":""},"class_list":["post-14054","page","type-page","status-publish","hentry"],"_links":{"self":[{"href":"https:\/\/www.frateschi.com.br\/site\/wp-json\/wp\/v2\/pages\/14054","targetHints":{"allow":["GET"]}}],"collection":[{"href":"https:\/\/www.frateschi.com.br\/site\/wp-json\/wp\/v2\/pages"}],"about":[{"href":"https:\/\/www.frateschi.com.br\/site\/wp-json\/wp\/v2\/types\/page"}],"author":[{"embeddable":true,"href":"https:\/\/www.frateschi.com.br\/site\/wp-json\/wp\/v2\/users\/1"}],"replies":[{"embeddable":true,"href":"https:\/\/www.frateschi.com.br\/site\/wp-json\/wp\/v2\/comments?post=14054"}],"version-history":[{"count":5,"href":"https:\/\/www.frateschi.com.br\/site\/wp-json\/wp\/v2\/pages\/14054\/revisions"}],"predecessor-version":[{"id":14463,"href":"https:\/\/www.frateschi.com.br\/site\/wp-json\/wp\/v2\/pages\/14054\/revisions\/14463"}],"wp:attachment":[{"href":"https:\/\/www.frateschi.com.br\/site\/wp-json\/wp\/v2\/media?parent=14054"}],"curies":[{"name":"wp","href":"https:\/\/api.w.org\/{rel}","templated":true}]}}